{"id":8,"date":"2024-09-06T08:55:16","date_gmt":"2024-09-06T08:55:16","guid":{"rendered":"https:\/\/itdd.au.dk\/fremtidens-it-didaktiker\/?page_id=8"},"modified":"2024-10-24T09:01:33","modified_gmt":"2024-10-24T09:01:33","slug":"blogpost-2","status":"publish","type":"page","link":"https:\/\/itdd.au.dk\/fremtidens-it-didaktiker\/blogpost-2\/","title":{"rendered":"Blogpost 2 &#8211; Transformation"},"content":{"rendered":"<figure class=\"wp-block-post-featured-image\"><img loading=\"lazy\" decoding=\"async\" width=\"2019\" height=\"555\" src=\"https:\/\/itdd.au.dk\/fremtidens-it-didaktiker\/wp-content\/uploads\/sites\/23\/2024\/10\/Banner.png\" class=\"attachment-post-thumbnail size-post-thumbnail wp-post-image\" alt=\"\" style=\"object-fit:cover;\" srcset=\"https:\/\/itdd.au.dk\/fremtidens-it-didaktiker\/wp-content\/uploads\/sites\/23\/2024\/10\/Banner.png 2019w, https:\/\/itdd.au.dk\/fremtidens-it-didaktiker\/wp-content\/uploads\/sites\/23\/2024\/10\/Banner-300x82.png 300w, https:\/\/itdd.au.dk\/fremtidens-it-didaktiker\/wp-content\/uploads\/sites\/23\/2024\/10\/Banner-1024x281.png 1024w, https:\/\/itdd.au.dk\/fremtidens-it-didaktiker\/wp-content\/uploads\/sites\/23\/2024\/10\/Banner-768x211.png 768w, https:\/\/itdd.au.dk\/fremtidens-it-didaktiker\/wp-content\/uploads\/sites\/23\/2024\/10\/Banner-1536x422.png 1536w\" sizes=\"auto, (max-width: 2019px) 100vw, 2019px\" \/><\/figure>\n\n\n<div class=\"wp-block-group has-background\" style=\"background-color:#FFE6F2\"><div class=\"wp-block-group__inner-container is-layout-flow wp-block-group-is-layout-flow\">\n<div style=\"height:70px\" aria-hidden=\"true\" class=\"wp-block-spacer\"><\/div>\n\n\n\n<div class=\"wp-block-columns alignwide are-vertically-aligned-center is-layout-flex wp-container-core-columns-is-layout-9d6595d7 wp-block-columns-is-layout-flex\">\n<div class=\"wp-block-column is-layout-flow wp-block-column-is-layout-flow\" style=\"flex-basis:50%\">\n<p class=\"has-text-color\" style=\"color:#000000;font-size:30px;line-height:1.1\">Introduktion<\/p>\n<\/div>\n\n\n\n<div class=\"wp-block-column is-layout-flow wp-block-column-is-layout-flow\" style=\"flex-basis:50%\">\n<hr class=\"wp-block-separator has-text-color has-css-opacity has-background is-style-wide\" style=\"background-color:#000000;color:#000000\"\/>\n<\/div>\n<\/div>\n\n\n\n<div class=\"wp-block-columns alignwide is-layout-flex wp-container-core-columns-is-layout-9d6595d7 wp-block-columns-is-layout-flex\">\n<div class=\"wp-block-column is-layout-flow wp-block-column-is-layout-flow\">\n<p class=\"has-text-color has-extra-small-font-size\" style=\"color:#000000\"><strong>Udgangspunkt:<\/strong><br>Naturbilledet fra sektion 2 i padlet, med tilh\u00f8rende billede i kommentarsporet.<\/p>\n<\/div>\n\n\n\n<div class=\"wp-block-column is-layout-flow wp-block-column-is-layout-flow\">\n<p class=\"has-text-color has-extra-small-font-size\" style=\"color:#000000\">I dette projekt unders\u00f8ges samspillet mellem den danske natur og GAI-genereret kunst med udgangspunkt i b\u00f8rns kreative potentiale. Vi er nysgerrige p\u00e5, hvordan b\u00f8rn kan engagere sig med deres naturlige omgivelser, og hvordan teknologi kan bruges som et v\u00e6rkt\u00f8j til at fortolke og omforme deres kunstv\u00e6rker.&nbsp;Vi udvikler et l\u00e6ringsforl\u00f8b til folkeskolen, i faget billedkunst, for 4.-6. klasse, hvor b\u00f8rn l\u00e6rer om naturen og udvikler en forst\u00e5else for, hvordan moderne teknologier som GAI kan v\u00e6re en del af den kunstneriske skabelsesproces.&nbsp;<\/p>\n\n\n\n<p><\/p>\n<\/div>\n<\/div>\n\n\n\n<div style=\"height:40px\" aria-hidden=\"true\" class=\"wp-block-spacer\"><\/div>\n<\/div><\/div>\n\n\n\n<div class=\"wp-block-group has-background\" style=\"background-color:#c0ebf1\"><div class=\"wp-block-group__inner-container is-layout-flow wp-block-group-is-layout-flow\">\n<div style=\"height:70px\" aria-hidden=\"true\" class=\"wp-block-spacer\"><\/div>\n\n\n\n<div class=\"wp-block-columns alignwide are-vertically-aligned-center is-layout-flex wp-container-core-columns-is-layout-9d6595d7 wp-block-columns-is-layout-flex\">\n<div class=\"wp-block-column is-layout-flow wp-block-column-is-layout-flow\" style=\"flex-basis:50%\">\n<p class=\"has-text-color\" style=\"color:#000000;font-size:30px;line-height:1.1\">Vores proces<\/p>\n<\/div>\n\n\n\n<div class=\"wp-block-column is-layout-flow wp-block-column-is-layout-flow\" style=\"flex-basis:50%\">\n<hr class=\"wp-block-separator has-text-color has-css-opacity has-background is-style-wide\" style=\"background-color:#000000;color:#000000\"\/>\n<\/div>\n<\/div>\n\n\n\n<div class=\"wp-block-columns alignwide is-layout-flex wp-container-core-columns-is-layout-9d6595d7 wp-block-columns-is-layout-flex\">\n<div class=\"wp-block-column is-layout-flow wp-block-column-is-layout-flow\">\n<p class=\"has-text-color has-extra-small-font-size\" style=\"color:#000000\"><\/p>\n\n\n\n<p class=\"has-text-color has-extra-small-font-size\" style=\"color:#000000\"><\/p>\n\n\n\n<figure class=\"wp-block-embed is-type-video is-provider-youtube wp-block-embed-youtube wp-embed-aspect-16-9 wp-has-aspect-ratio\"><div class=\"wp-block-embed__wrapper\">\n<p class=\"responsive-video-wrap clr\"><iframe loading=\"lazy\" title=\"Video om Blogpost 2\" width=\"1200\" height=\"675\" src=\"https:\/\/www.youtube.com\/embed\/_tjbfCkqMDM?feature=oembed\" frameborder=\"0\" allow=\"accelerometer; autoplay; clipboard-write; encrypted-media; gyroscope; picture-in-picture; web-share\" referrerpolicy=\"strict-origin-when-cross-origin\" allowfullscreen><\/iframe><\/p>\n<\/div><\/figure>\n<\/div>\n<\/div>\n\n\n\n<figure class=\"wp-block-image size-large\"><img loading=\"lazy\" decoding=\"async\" width=\"1024\" height=\"576\" src=\"https:\/\/itdd.au.dk\/fremtidens-it-didaktiker\/wp-content\/uploads\/sites\/23\/2024\/10\/Purple-and-Orange-Illustration-Design-Thinking-Brainstorm-5-1024x576.png\" alt=\"\" class=\"wp-image-353\" srcset=\"https:\/\/itdd.au.dk\/fremtidens-it-didaktiker\/wp-content\/uploads\/sites\/23\/2024\/10\/Purple-and-Orange-Illustration-Design-Thinking-Brainstorm-5-1024x576.png 1024w, https:\/\/itdd.au.dk\/fremtidens-it-didaktiker\/wp-content\/uploads\/sites\/23\/2024\/10\/Purple-and-Orange-Illustration-Design-Thinking-Brainstorm-5-300x169.png 300w, https:\/\/itdd.au.dk\/fremtidens-it-didaktiker\/wp-content\/uploads\/sites\/23\/2024\/10\/Purple-and-Orange-Illustration-Design-Thinking-Brainstorm-5-768x432.png 768w, https:\/\/itdd.au.dk\/fremtidens-it-didaktiker\/wp-content\/uploads\/sites\/23\/2024\/10\/Purple-and-Orange-Illustration-Design-Thinking-Brainstorm-5-1536x864.png 1536w, https:\/\/itdd.au.dk\/fremtidens-it-didaktiker\/wp-content\/uploads\/sites\/23\/2024\/10\/Purple-and-Orange-Illustration-Design-Thinking-Brainstorm-5-800x450.png 800w, https:\/\/itdd.au.dk\/fremtidens-it-didaktiker\/wp-content\/uploads\/sites\/23\/2024\/10\/Purple-and-Orange-Illustration-Design-Thinking-Brainstorm-5.png 1920w\" sizes=\"auto, (max-width: 1024px) 100vw, 1024px\" \/><\/figure>\n\n\n\n<div style=\"height:40px\" aria-hidden=\"true\" class=\"wp-block-spacer\"><\/div>\n<\/div><\/div>\n\n\n\n<div style=\"height:100px\" aria-hidden=\"true\" class=\"wp-block-spacer\"><\/div>\n\n\n\n<div class=\"wp-block-group has-background\" style=\"background-color:#f8d2cf\"><div class=\"wp-block-group__inner-container is-layout-flow wp-block-group-is-layout-flow\">\n<div style=\"height:70px\" aria-hidden=\"true\" class=\"wp-block-spacer\"><\/div>\n\n\n\n<div class=\"wp-block-columns alignwide are-vertically-aligned-center is-layout-flex wp-container-core-columns-is-layout-9d6595d7 wp-block-columns-is-layout-flex\">\n<div class=\"wp-block-column is-layout-flow wp-block-column-is-layout-flow\" style=\"flex-basis:50%\">\n<p class=\"has-text-color\" style=\"color:#000000;font-size:30px;line-height:1.1\">AI til billedkunst i folkeskolen<\/p>\n<\/div>\n\n\n\n<div class=\"wp-block-column is-layout-flow wp-block-column-is-layout-flow\" style=\"flex-basis:50%\">\n<hr class=\"wp-block-separator has-text-color has-css-opacity has-background is-style-wide\" style=\"background-color:#000000;color:#000000\"\/>\n<\/div>\n<\/div>\n\n\n\n<div class=\"wp-block-columns alignwide is-layout-flex wp-container-core-columns-is-layout-9d6595d7 wp-block-columns-is-layout-flex\">\n<div class=\"wp-block-column is-layout-flow wp-block-column-is-layout-flow\">\n<p class=\"has-text-color has-extra-small-font-size\" style=\"color:#000000\">M\u00e5lgruppe: 4. &#8211; 6. klasse<\/p>\n<\/div>\n\n\n\n<div class=\"wp-block-column is-layout-flow wp-block-column-is-layout-flow\">\n<p class=\"has-text-color has-extra-small-font-size\" style=\"color:#000000\">Form\u00e5l: Aktiviteten skal stimulere kreativ t\u00e6nkning og l\u00e6re, hvordan AI kan underst\u00f8tte den kreative proces i billedkunst. Kombinationen af digitale og analoge elementer giver b\u00f8rnene mulighed for at udnytte deres egne kreative evner samtidig med, at de ser, hvordan teknologi kan hj\u00e6lpe dem med at udvide deres kunstneriske udtryk<\/p>\n\n\n\n<p><\/p>\n<\/div>\n<\/div>\n\n\n\n<div style=\"height:40px\" aria-hidden=\"true\" class=\"wp-block-spacer\"><\/div>\n<\/div><\/div>\n\n\n\n<div class=\"wp-block-group has-background\" style=\"background-color:#f8f5d9\"><div class=\"wp-block-group__inner-container is-layout-flow wp-block-group-is-layout-flow\">\n<div style=\"height:70px\" aria-hidden=\"true\" class=\"wp-block-spacer\"><\/div>\n\n\n\n<div class=\"wp-block-columns alignwide are-vertically-aligned-center is-layout-flex wp-container-core-columns-is-layout-9d6595d7 wp-block-columns-is-layout-flex\">\n<div class=\"wp-block-column is-layout-flow wp-block-column-is-layout-flow\" style=\"flex-basis:50%\">\n<p class=\"has-text-color\" style=\"color:#000000;font-size:30px;line-height:1.1\">Natur og kunstskabelse &#8211; Analog del<\/p>\n<\/div>\n\n\n\n<div class=\"wp-block-column is-layout-flow wp-block-column-is-layout-flow\" style=\"flex-basis:50%\">\n<hr class=\"wp-block-separator has-text-color has-css-opacity has-background is-style-wide\" style=\"background-color:#000000;color:#000000\"\/>\n<\/div>\n<\/div>\n\n\n\n<div class=\"wp-block-columns alignwide is-layout-flex wp-container-core-columns-is-layout-9d6595d7 wp-block-columns-is-layout-flex\">\n<div class=\"wp-block-column is-layout-flow wp-block-column-is-layout-flow\"><\/div>\n\n\n\n<div class=\"wp-block-column is-layout-flow wp-block-column-is-layout-flow\">\n<p class=\"has-text-color has-extra-small-font-size\" style=\"color:#000000\"><em>Materialer:&nbsp;Farveblyanter, papir, akvarel, l\u00e6rreder, naturmaterialer (blade, blomster osv.), tuscher<\/em>, kamera<br><br><strong>Aktivitet:&nbsp;<\/strong>Eleverne starter med at udforske deres lokale natur. De kan v\u00e6lge et naturligt element, der fanger deres opm\u00e6rksomhed, som f.eks. et tr\u00e6, en blomst eller en sten. Herefter skal de skabe et kunstv\u00e6rk baseret p\u00e5 deres oplevelse af naturen. Dette kan g\u00f8res gennem tegning, maling eller lignende. Efter at have skabt deres v\u00e6rk, beskriver eleverne deres inspirationskilde.<\/p>\n<\/div>\n\n\n\n<div class=\"wp-block-column is-layout-flow wp-block-column-is-layout-flow\">\n<p class=\"has-text-color has-extra-small-font-size\" style=\"color:#000000\"><strong>L\u00e6ringsm\u00e5l:<\/strong><br><strong>Kreativitet og naturforst\u00e5else:<\/strong>&nbsp;<br>Eleverne skal kunne skabe et kunstv\u00e6rk inspireret af deres egne observationer i naturen ved hj\u00e6lp af enkle materialer som farveblyanter, papir og naturmaterialer, og kunne forklare, hvad der inspirerede dem.&nbsp;<\/p>\n\n\n\n<p><strong>Visuel og mundtlig formidling:<\/strong>&nbsp;<br>Eleverne skal kunne pr\u00e6sentere deres kunstv\u00e6rk og s\u00e6tte ord p\u00e5 deres kreative proces, b\u00e5de skriftligt og mundtligt, p\u00e5 et niveau, der passer til deres klassetrin.&nbsp;<\/p>\n\n\n\n<p class=\"has-text-color has-extra-small-font-size\" style=\"color:#000000\"><strong>Naturens \u00e6stetik:<\/strong>&nbsp;<br>Eleverne skal l\u00e6re at identificere \u00e6stetiske elementer i naturen, s\u00e5som farver, former og strukturer, og bruge disse aktivt i deres kunstv\u00e6rker.&nbsp;<\/p>\n<\/div>\n<\/div>\n\n\n\n<div style=\"height:40px\" aria-hidden=\"true\" class=\"wp-block-spacer\"><\/div>\n<\/div><\/div>\n\n\n\n<div class=\"wp-block-group has-background\" style=\"background-color:#d6eccb\"><div class=\"wp-block-group__inner-container is-layout-flow wp-block-group-is-layout-flow\">\n<div style=\"height:70px\" aria-hidden=\"true\" class=\"wp-block-spacer\"><\/div>\n\n\n\n<div class=\"wp-block-columns alignwide are-vertically-aligned-center is-layout-flex wp-container-core-columns-is-layout-9d6595d7 wp-block-columns-is-layout-flex\">\n<div class=\"wp-block-column is-layout-flow wp-block-column-is-layout-flow\" style=\"flex-basis:50%\">\n<p class=\"has-text-color\" style=\"color:#000000;font-size:30px;line-height:1.1\">AI-assisteret kunstfortolkning &#8211; Digital del<\/p>\n<\/div>\n\n\n\n<div class=\"wp-block-column is-layout-flow wp-block-column-is-layout-flow\" style=\"flex-basis:50%\">\n<hr class=\"wp-block-separator has-text-color has-css-opacity has-background is-style-wide\" style=\"background-color:#000000;color:#000000\"\/>\n<\/div>\n<\/div>\n\n\n\n<div class=\"wp-block-columns alignwide is-layout-flex wp-container-core-columns-is-layout-9d6595d7 wp-block-columns-is-layout-flex\">\n<div class=\"wp-block-column is-layout-flow wp-block-column-is-layout-flow\"><\/div>\n\n\n\n<div class=\"wp-block-column is-layout-flow wp-block-column-is-layout-flow\">\n<p class=\"has-text-color has-extra-small-font-size\" style=\"color:#000000\"><em>V\u00e6rkt\u00f8j:&nbsp;Kamera, AI billedgenerator<\/em><br><br><strong>Aktivitet:<\/strong>&nbsp;Eleverne tager billeder af deres analoge kunstv\u00e6rker og indtaster beskrivelser af dem i AI-v\u00e6rkt\u00f8jet. AI\u2019en vil herefter generere nye fortolkninger af deres kunstv\u00e6rker, hvor det originale billede bliver transformeret eller udvidet. Dette kan skabe grobund for dialog i klassen omkring, hvordan AI kan inspirere til kunst, samt hvordan man forholder sig kritisk til de resultater, som AI genererer.&nbsp;<\/p>\n<\/div>\n\n\n\n<div class=\"wp-block-column is-layout-flow wp-block-column-is-layout-flow\">\n<p class=\"has-text-color has-extra-small-font-size\" style=\"color:#000000\"><strong>L\u00e6ringsm\u00e5l:<\/strong>&nbsp;<br><strong>Introduktion til AI-teknologi:<\/strong>&nbsp;<br>Eleverne skal kunne tage et billede af deres analoge kunstv\u00e6rk og bruge en simpel AI-billedgenerator til at skabe en ny fortolkning af deres kunst, samt forst\u00e5, hvordan teknologien arbejder med deres input.&nbsp;<\/p>\n\n\n\n<p><strong>Kritisk refleksion:<\/strong>&nbsp;<br>Eleverne skal kunne diskutere forskellene mellem deres originale kunstv\u00e6rk og AI\u2019s fortolkning, og reflektere over, hvordan teknologien \u00e6ndrer eller tilf\u00f8jer noget nyt til deres id\u00e9er.&nbsp;<\/p>\n\n\n\n<p class=\"has-text-color has-extra-small-font-size\" style=\"color:#000000\"><strong>Eksperimentere med digitale og analoge metoder:<\/strong>&nbsp;<br>Eleverne skal opmuntres til at afpr\u00f8ve forskellige m\u00e5der at kombinere deres analoge tegninger med AI-genererede billeder og opleve, hvordan digitale v\u00e6rkt\u00f8jer kan udvide deres kreative muligheder.&nbsp;<\/p>\n<\/div>\n<\/div>\n\n\n\n<div style=\"height:40px\" aria-hidden=\"true\" class=\"wp-block-spacer\"><\/div>\n<\/div><\/div>\n\n\n\n<div class=\"wp-block-group has-background\" style=\"background-color:#bedbd9\"><div class=\"wp-block-group__inner-container is-layout-flow wp-block-group-is-layout-flow\">\n<div style=\"height:70px\" aria-hidden=\"true\" class=\"wp-block-spacer\"><\/div>\n\n\n\n<div class=\"wp-block-columns alignwide are-vertically-aligned-center is-layout-flex wp-container-core-columns-is-layout-9d6595d7 wp-block-columns-is-layout-flex\">\n<div class=\"wp-block-column is-layout-flow wp-block-column-is-layout-flow\" style=\"flex-basis:50%\">\n<p class=\"has-text-color\" style=\"color:#000000;font-size:30px;line-height:1.1\">Kunstfortolkning i f\u00e6llesskab<\/p>\n<\/div>\n\n\n\n<div class=\"wp-block-column is-layout-flow wp-block-column-is-layout-flow\" style=\"flex-basis:50%\">\n<hr class=\"wp-block-separator has-text-color has-css-opacity has-background is-style-wide\" style=\"background-color:#000000;color:#000000\"\/>\n<\/div>\n<\/div>\n\n\n\n<div class=\"wp-block-columns alignwide is-layout-flex wp-container-core-columns-is-layout-9d6595d7 wp-block-columns-is-layout-flex\">\n<div class=\"wp-block-column is-layout-flow wp-block-column-is-layout-flow\"><\/div>\n\n\n\n<div class=\"wp-block-column is-layout-flow wp-block-column-is-layout-flow\">\n<p class=\"has-text-color has-extra-small-font-size\" style=\"color:#000000\"><strong>Aktivitet:<\/strong>&nbsp;Eleverne inddeles i grupper, hvor de pr\u00e6senterer deres oprindelige kunstv\u00e6rker og forklarer, hvordan AI har \u00e6ndret deres originale id\u00e9. I gruppen vil de diskutere, hvordan AI\u2019s input har \u00e6ndret deres kunst, og om AI har \u00e5bnet op for eller begr\u00e6nset nye perspektiver.&nbsp;<\/p>\n<\/div>\n\n\n\n<div class=\"wp-block-column is-layout-flow wp-block-column-is-layout-flow\">\n<p class=\"has-text-color has-extra-small-font-size\" style=\"color:#000000\"><strong>L\u00e6ringsm\u00e5l:<\/strong><br><strong>Samarbejde og pr\u00e6sentation<\/strong>:<br>Eleverne skal kunne pr\u00e6sentere deres egne og AI\u2019s kunstfortolkninger for deres klassekammerater i sm\u00e5 grupper og indg\u00e5 i en diskussion om de kunstneriske forskelle og ligheder.&nbsp;<\/p>\n\n\n\n<p><strong>Forst\u00e5else for teknologiens rolle:<\/strong>&nbsp;<br>Eleverne skal udvikle en forst\u00e5else for, hvordan teknologi, s\u00e5som AI, kan hj\u00e6lpe med at skabe kunst, men ogs\u00e5 l\u00e6re at tage ejerskab over deres egne kunstneriske valg og ikke lade teknologien overtage processen.&nbsp;<\/p>\n\n\n\n<p class=\"has-text-color has-extra-small-font-size\" style=\"color:#000000\"><strong>Kritisk stillingtagen:<\/strong>&nbsp;<br>Eleverne skal l\u00e6re at forholde sig kritisk til teknologiens indflydelse p\u00e5 kreativitet, og hvordan de kan bruge teknologi som et v\u00e6rkt\u00f8j uden at lade det diktere deres kunstneriske udtryk.&nbsp;<\/p>\n<\/div>\n<\/div>\n\n\n\n<div style=\"height:40px\" aria-hidden=\"true\" class=\"wp-block-spacer\"><\/div>\n<\/div><\/div>\n\n\n\n<div style=\"height:100px\" aria-hidden=\"true\" class=\"wp-block-spacer\"><\/div>\n\n\n\n<div class=\"wp-block-group has-background\" style=\"background-color:#8CC3FF\"><div class=\"wp-block-group__inner-container is-layout-flow wp-block-group-is-layout-flow\">\n<div style=\"height:70px\" aria-hidden=\"true\" class=\"wp-block-spacer\"><\/div>\n\n\n\n<div class=\"wp-block-columns alignwide are-vertically-aligned-center is-layout-flex wp-container-core-columns-is-layout-9d6595d7 wp-block-columns-is-layout-flex\">\n<div class=\"wp-block-column is-layout-flow wp-block-column-is-layout-flow\" style=\"flex-basis:50%\">\n<p class=\"has-text-color\" style=\"color:#000000;font-size:30px;line-height:1.1\">Refleksion<\/p>\n<\/div>\n\n\n\n<div class=\"wp-block-column is-layout-flow wp-block-column-is-layout-flow\" style=\"flex-basis:50%\">\n<hr class=\"wp-block-separator has-text-color has-css-opacity has-background is-style-wide\" style=\"background-color:#000000;color:#000000\"\/>\n<\/div>\n<\/div>\n\n\n\n<div class=\"wp-block-media-text is-stacked-on-mobile\"><figure class=\"wp-block-media-text__media\"><img loading=\"lazy\" decoding=\"async\" width=\"1024\" height=\"724\" src=\"https:\/\/itdd.au.dk\/fremtidens-it-didaktiker\/wp-content\/uploads\/sites\/23\/2024\/10\/medieoekologi-1-1024x724.png\" alt=\"\" class=\"wp-image-363 size-full\" srcset=\"https:\/\/itdd.au.dk\/fremtidens-it-didaktiker\/wp-content\/uploads\/sites\/23\/2024\/10\/medieoekologi-1-1024x724.png 1024w, https:\/\/itdd.au.dk\/fremtidens-it-didaktiker\/wp-content\/uploads\/sites\/23\/2024\/10\/medieoekologi-1-300x212.png 300w, https:\/\/itdd.au.dk\/fremtidens-it-didaktiker\/wp-content\/uploads\/sites\/23\/2024\/10\/medieoekologi-1-768x543.png 768w, https:\/\/itdd.au.dk\/fremtidens-it-didaktiker\/wp-content\/uploads\/sites\/23\/2024\/10\/medieoekologi-1-1536x1086.png 1536w, https:\/\/itdd.au.dk\/fremtidens-it-didaktiker\/wp-content\/uploads\/sites\/23\/2024\/10\/medieoekologi-1-2048x1448.png 2048w\" sizes=\"auto, (max-width: 1024px) 100vw, 1024px\" \/><\/figure><div class=\"wp-block-media-text__content\">\n<p><\/p>\n\n\n\n<p>Vi indledte hele vores projekt med en id\u00e9genereringsproces med divergent t\u00e6nkning som tilgang, vi gav bevidst fantasien frit spil for at \u00e5bne op for et bredt spektrum af kreative muligheder. Denne tilgang styrkede vores kreative proces og gav os en st\u00f8rre variation af potentielle l\u00f8sninger til opgaven. Ved at anvende Zoom som digital platform fik vi faciliteret en id\u00e9udvikling, hvor alt fra \u00e6nder som kunne anvendes i l\u00f8b for at styrke motoriske f\u00e6rdigheder, til \u00e6bler, der kunne bruges i en bageaktivitet over Zoom, blev bragt i spil. Efter den initiale fase med divergent t\u00e6nkning, bev\u00e6gede vi os mere ind i en konvergent fase. Her blev det n\u00f8dvendigt at indsn\u00e6vre og evaluere vores id\u00e9er for at kunne fokusere p\u00e5 en konkret l\u00f8sning. For at strukturere denne proces pr\u00e6senterede hver deltager \u00e9n udvalgt id\u00e9, som vi derefter diskuterede i f\u00e6llesskab. Under dialogen anvendte vi mindmapping som et visuelt v\u00e6rkt\u00f8j for at skabe overblik og strukturere vores tanker omkring hver enkelt id\u00e9. Denne tilgang gav os mulighed for at analysere og reflektere over de pr\u00e6senterede id\u00e9er p\u00e5 en systematisk m\u00e5de.<br>Afslutningsvist anvendte vi en demokratisk afstemningsmetode for at tr\u00e6ffe den endelige beslutning. Denne metode sikrede at alle deltageres input blev v\u00e6rdsat og indgik i beslutningsprocessen, hvilket skabte en f\u00f8lelse af f\u00e6lles ejerskab over den valgte l\u00f8sning. <\/p>\n<\/div><\/div>\n\n\n\n<div class=\"wp-block-columns alignwide is-layout-flex wp-container-core-columns-is-layout-9d6595d7 wp-block-columns-is-layout-flex\">\n<div class=\"wp-block-column is-layout-flow wp-block-column-is-layout-flow\">\n<p><br><br>I vores udvikling af l\u00e6ringsforl\u00f8bet, tog vi udgangspunkt i Dalsgaard og Rybergs model for digitale l\u00e6ringsrum (Dalsgaard &amp; Ryberg, 2022) som ramme for at balancere \u00e5bne og lukkede l\u00e6ringsmilj\u00f8er, hvilket har v\u00e6ret nyttigt i forhold til at skabe l\u00e6ringsaktiviteter, som tilgodeser b\u00e5de selvst\u00e6ndig udforskning og struktureret vejledning.<br>I den analoge del af vores l\u00e6ringsforl\u00f8b kan b\u00f8rnene placeres i det individuelle l\u00e6ringsrum, her f\u00e5r b\u00f8rnene mulighed for at skabe kunstv\u00e6rker baseret p\u00e5 deres oplevelser af naturen. Her er der fokus p\u00e5 individets handlekraft, rummet underst\u00f8tter en unders\u00f8gelse og konstruktion, hvor b\u00f8rnene er ude i naturen for at f\u00e5, eller indsamle, inspiration til deres v\u00e6rker og herefter konstruere deres id\u00e9(er).<br>I kontrast til dette kan vores digitale del fortsat placeres i det individuelle l\u00e6ringsrum, hvor fremstilling underst\u00f8ttes, man kan m\u00e5ske kalde det for et lukket l\u00e6ringsrum, da b\u00f8rnene her f\u00e5r vejledning i at prompte og transformere deres analoge v\u00e6rker ved hj\u00e6lp af AI.<br>Vi bev\u00e6ger os i sidste del af forl\u00f8bet over i arbejdsgruppen, her underst\u00f8ttes kommunikation i diskussion omkring AI\u2019s fortolkninger af deres kunstv\u00e6rker, samt hvordan AI har \u00e6ndret deres input, videre bev\u00e6ger b\u00f8rnene sig ind i interesse f\u00e6llesskabet, n\u00e5r de deler deres erfaringer og kunstv\u00e6rker med hinanden, samt reflektere over hvordan deres kreative processer er blevet p\u00e5virket. Her kan b\u00f8rnene diskutere teknologiens rolle i kunst og kreativitet, som kan skabe en f\u00e6lles forst\u00e5else.<br><br>Slut i vores projekt reflekterede vi over vores l\u00e6ringsforl\u00f8b, her opstod der sp\u00f8rgsm\u00e5l om AI&#8217;s rolle i elevernes kreative processer, fordi der ogs\u00e5 kan opst\u00e5 en bekymring for hvordan kan vi integrere AI uden at den overtager, men i stedet underst\u00f8tter elevernes udvikling? Udover dette er der ogs\u00e5 etiske aspekter der b\u00f8r overvejes ved brugen af AI til skabelse af kunst, for hvordan sikrer vi at b\u00f8rn forst\u00e5r teknologiens indflydelse og gr\u00e6nser? Og kan vi hj\u00e6lpe eleverne ved at fremme kritisk t\u00e6nkning, s\u00e5 de reflektere over hvordan AI \u00e6ndrer deres oprindelige id\u00e9er, s\u00e5 de ikke bare acceptere resultaterne ukritisk?<\/p>\n<\/div>\n<\/div>\n\n\n\n<p><br><\/p>\n\n\n\n<div style=\"height:40px\" aria-hidden=\"true\" class=\"wp-block-spacer\"><\/div>\n<\/div><\/div>\n\n\n\n<div class=\"wp-block-group has-background\" style=\"background-color:#92E8E5\"><div class=\"wp-block-group__inner-container is-layout-flow wp-block-group-is-layout-flow\">\n<div style=\"height:70px\" aria-hidden=\"true\" class=\"wp-block-spacer\"><\/div>\n\n\n\n<div class=\"wp-block-columns alignwide are-vertically-aligned-center is-layout-flex wp-container-core-columns-is-layout-9d6595d7 wp-block-columns-is-layout-flex\">\n<div class=\"wp-block-column is-layout-flow wp-block-column-is-layout-flow\" style=\"flex-basis:50%\">\n<p class=\"has-text-color\" style=\"color:#000000;font-size:30px;line-height:1.1\">Litteraturliste<\/p>\n<\/div>\n\n\n\n<div class=\"wp-block-column is-layout-flow wp-block-column-is-layout-flow\" style=\"flex-basis:50%\">\n<hr class=\"wp-block-separator has-text-color has-css-opacity has-background is-style-wide\" style=\"background-color:#000000;color:#000000\"\/>\n<\/div>\n<\/div>\n\n\n\n<div class=\"wp-block-columns alignwide is-layout-flex wp-container-core-columns-is-layout-9d6595d7 wp-block-columns-is-layout-flex\">\n<div class=\"wp-block-column is-layout-flow wp-block-column-is-layout-flow\">\n<p>Dalsgaard, C. &amp; Ryberg, T. (2022). Digitale l\u00e6ringsrum: Samfundslitteratur, del 2 (s. 63)<\/p>\n<\/div>\n<\/div>\n\n\n\n<div style=\"height:40px\" aria-hidden=\"true\" class=\"wp-block-spacer\"><\/div>\n<\/div><\/div>\n","protected":false},"excerpt":{"rendered":"<p>Introduktion Udgangspunkt:Naturbilledet fra sektion 2 i padlet, med tilh\u00f8rende billede i kommentarsporet. I dette projekt unders\u00f8ges samspillet mellem den danske natur og GAI-genereret kunst med udgangspunkt i b\u00f8rns kreative potentiale. Vi er nysgerrige p\u00e5, hvordan b\u00f8rn kan engagere sig med deres naturlige omgivelser, og hvordan teknologi kan bruges som et v\u00e6rkt\u00f8j til at fortolke og [&hellip;]<\/p>\n","protected":false},"author":41,"featured_media":250,"parent":0,"menu_order":0,"comment_status":"open","ping_status":"closed","template":"","meta":{"footnotes":""},"class_list":["post-8","page","type-page","status-publish","has-post-thumbnail","hentry","entry","has-media"],"_links":{"self":[{"href":"https:\/\/itdd.au.dk\/fremtidens-it-didaktiker\/wp-json\/wp\/v2\/pages\/8","targetHints":{"allow":["GET"]}}],"collection":[{"href":"https:\/\/itdd.au.dk\/fremtidens-it-didaktiker\/wp-json\/wp\/v2\/pages"}],"about":[{"href":"https:\/\/itdd.au.dk\/fremtidens-it-didaktiker\/wp-json\/wp\/v2\/types\/page"}],"author":[{"embeddable":true,"href":"https:\/\/itdd.au.dk\/fremtidens-it-didaktiker\/wp-json\/wp\/v2\/users\/41"}],"replies":[{"embeddable":true,"href":"https:\/\/itdd.au.dk\/fremtidens-it-didaktiker\/wp-json\/wp\/v2\/comments?post=8"}],"version-history":[{"count":129,"href":"https:\/\/itdd.au.dk\/fremtidens-it-didaktiker\/wp-json\/wp\/v2\/pages\/8\/revisions"}],"predecessor-version":[{"id":376,"href":"https:\/\/itdd.au.dk\/fremtidens-it-didaktiker\/wp-json\/wp\/v2\/pages\/8\/revisions\/376"}],"wp:featuredmedia":[{"embeddable":true,"href":"https:\/\/itdd.au.dk\/fremtidens-it-didaktiker\/wp-json\/wp\/v2\/media\/250"}],"wp:attachment":[{"href":"https:\/\/itdd.au.dk\/fremtidens-it-didaktiker\/wp-json\/wp\/v2\/media?parent=8"}],"curies":[{"name":"wp","href":"https:\/\/api.w.org\/{rel}","templated":true}]}}