{"id":38,"date":"2026-04-06T11:37:41","date_gmt":"2026-04-06T11:37:41","guid":{"rendered":"https:\/\/itdd.au.dk\/edb-kursisterne\/?page_id=38"},"modified":"2026-04-07T12:52:58","modified_gmt":"2026-04-07T12:52:58","slug":"define","status":"publish","type":"page","link":"https:\/\/itdd.au.dk\/edb-kursisterne\/define\/","title":{"rendered":"Define"},"content":{"rendered":"\n<p>Vi tager afs\u00e6t i et konkret dom\u00e6ne: de fagdidaktiske kandidatuddannelser p\u00e5 DPU. Her har vi observeret, at der er et voksende behov for at forholde sig til, <em>hvordan<\/em> generativ AI faktisk indg\u00e5r i studiepraksis men at der endnu ikke er nogen f\u00e6lles forst\u00e5else af, hvad det vil sige at bruge det &#8220;godt&#8221;.<\/p>\n\n\n\n<p>Vores designudfordring kan kort siges at handle om: <br><em>Hvordan kan man underst\u00f8tte studerende og undervisere p\u00e5 de fagdidaktiske uddannelser i at navigere meningsfuldt med generativ AI.<\/em><\/p>\n\n\n\n<p>vores forel\u00f8bige forskningssp\u00f8rgsm\u00e5l lyder: <br><em>Hvordan opleves sp\u00e6ndingen mellem studerendes AI-praksis og undervisernes forventninger p\u00e5 de fagdidaktiske kandidatuddannelser og hvad kalder det p\u00e5 af nye designprincipper?<\/em><\/p>\n\n\n\n<p><strong><mark style=\"background-color:rgba(0, 0, 0, 0)\" class=\"has-inline-color has-vivid-cyan-blue-color\">Designprincipper<\/mark><\/strong><\/p>\n\n\n\n<div class=\"wp-block-columns is-layout-flex wp-container-core-columns-is-layout-9d6595d7 wp-block-columns-is-layout-flex\">\n<div class=\"wp-block-column is-layout-flow wp-block-column-is-layout-flow\">\n<ul class=\"wp-block-list\">\n<li><mark style=\"background-color:rgba(0, 0, 0, 0)\" class=\"has-inline-color has-white-color\">Klimabevidst brug af GAI <\/mark><\/li>\n\n\n\n<li><mark style=\"background-color:rgba(0, 0, 0, 0)\" class=\"has-inline-color has-white-color\">Pluralitet fremfor &#8220;rigtig brug&#8221;<\/mark><\/li>\n\n\n\n<li><mark style=\"background-color:rgba(0, 0, 0, 0)\" class=\"has-inline-color has-white-color\">Balance &amp; meningsfuld integration<\/mark><\/li>\n<\/ul>\n<\/div>\n\n\n\n<div class=\"wp-block-column is-layout-flow wp-block-column-is-layout-flow\">\n<figure class=\"wp-block-image size-full is-style-rounded\"><img loading=\"lazy\" decoding=\"async\" width=\"364\" height=\"384\" src=\"https:\/\/itdd.au.dk\/edb-kursisterne\/wp-content\/uploads\/sites\/51\/2026\/04\/brugs.jpg\" alt=\"\" class=\"wp-image-54\" srcset=\"https:\/\/itdd.au.dk\/edb-kursisterne\/wp-content\/uploads\/sites\/51\/2026\/04\/brugs.jpg 364w, https:\/\/itdd.au.dk\/edb-kursisterne\/wp-content\/uploads\/sites\/51\/2026\/04\/brugs-284x300.jpg 284w\" sizes=\"auto, (max-width: 364px) 100vw, 364px\" \/><\/figure>\n<\/div>\n\n\n\n<div class=\"wp-block-column is-layout-flow wp-block-column-is-layout-flow\">\n<ul class=\"wp-block-list\">\n<li><mark style=\"background-color:rgba(0, 0, 0, 0)\" class=\"has-inline-color has-white-color\">Den studerende i udvikling <\/mark><\/li>\n\n\n\n<li><mark style=\"background-color:rgba(0, 0, 0, 0)\" class=\"has-inline-color has-white-color\">Opg\u00f8r med traditionel studieteknik og t\u00e6nkning<\/mark><\/li>\n\n\n\n<li><mark style=\"background-color:rgba(0, 0, 0, 0)\" class=\"has-inline-color has-white-color\">Tillid frem for mist\u00e6nkeligg\u00f8relse<\/mark><\/li>\n<\/ul>\n<\/div>\n<\/div>\n\n\n\n<ul class=\"wp-block-list\">\n<li>Vi har set klima g\u00e5 igen som et tema i vores empiriske unders\u00f8gelser. Derfor \u00f8nsker vi i vores design, at klimabevidsthed og GAI-klimaaftryk for \u00f8je. Det er tydeligt at det er noget elever og undervisere p\u00e5 DPU har en viden om eller en holdning til, hvorfor vi ikke kan ignorere dette perspektiv. <\/li>\n<\/ul>\n\n\n\n<p><\/p>\n\n\n\n<ul class=\"wp-block-list\">\n<li>Vi har i vores empiriske materiale observeret, at ordene &#8220;d\u00e6monisering&#8221; og &#8220;hellig&#8221;, bliver brugt om \u00e9n og samme type <em>holdning<\/em> til brugen af AI. Dette finder vi interessant, og vi kunne derfor godt t\u00e6nke os at v\u00e6re opm\u00e6rksomme p\u00e5, at der findes forskellige opfattelser og m\u00e5der at benytte GAI i studiepraksis. Disse forskellige m\u00e5der kan opfattes som &#8220;den rigtige m\u00e5de&#8221; &#8211; men hvad <em>er <\/em>den rigtige m\u00e5de? \n<ul class=\"wp-block-list\">\n<li>Interview med studerende viser radikale holdninger &#8211; hvordan skaber vi en balance? <\/li>\n\n\n\n<li>Med udgangspunkt i Hedegaard om artefakter (man tager nogle ting med sig, alt efter hvem man er) <\/li>\n\n\n\n<li>Vygotsky om zonen for n\u00e6rmeste udvikling \n<ul class=\"wp-block-list\">\n<li>Vores design skal ikke n\u00f8dvendigvis v\u00e6re &#8220;en hue vi tr\u00e6kker ned over hovedet&#8221; p\u00e5 studerende\/undervisere &#8211; det skal v\u00e6re &#8220;en hue&#8221;, som de selv aktivt v\u00e6lger til fordi de kan se sig selv (mening) i det &#8211; den m\u00e5 godt se anderledes ud, alt efter hvem der &#8220;har den p\u00e5&#8221;! <\/li>\n<\/ul>\n<\/li>\n<\/ul>\n<\/li>\n<\/ul>\n\n\n\n<ul class=\"wp-block-list\">\n<li>Vi har i vores empiriske materiale, observeret et fokus p\u00e5 &#8220;den gode studerende&#8221;. Vi er nysgerrige p\u00e5 de forskellige definitioner p\u00e5 dette begreb &#8211; hvad er det der g\u00f8r en god studerende? \n<ul class=\"wp-block-list\">\n<li>Med udgangspunkt i refleksioner fra Quiteshat\/Illich \u00f8nsker vi at nedbryde tanken om uddannelsespraksis som &#8220;et p\u00e6dagogiske samleb\u00e5nd&#8221; og bev\u00e6ge os v\u00e6k fra den &#8220;klassiske&#8221; m\u00e5de at t\u00e6nke universitetspraksis p\u00e5. \n<ul class=\"wp-block-list\">\n<li>Modigt, men cool? <\/li>\n<\/ul>\n<\/li>\n<\/ul>\n<\/li>\n<\/ul>\n\n\n\n<ul class=\"wp-block-list\">\n<li>Med udgangspunkt i Peter Dalsgaards refleksioner over at AI skal v\u00e6re en overraskelse, \u00f8nsker vi at skabe en eksplorativ tilgang til GAI i undervisningen. Vi henstiller os selv til, at GAI kan v\u00e6re med til at stille sp\u00f8rgsm\u00e5lene i den givne studiepraksis, og bev\u00e6ger os v\u00e6k fra tanken om, at GAI <em>kun<\/em> er med til at generere svar. \n<ul class=\"wp-block-list\">\n<li>AI og den studerende i et partnerskab (kognitiv partner) <\/li>\n<\/ul>\n<\/li>\n<\/ul>\n\n\n\n<ul class=\"wp-block-list\">\n<li>Vi har i vores empiriske materiale observeret en indirekte tendens, som p\u00e5peger AU som organisation\/administration, som en direkte stopklods  for udvikling af universitetspraksis. \n<ul class=\"wp-block-list\">\n<li>Underviserne peger p\u00e5 flere mundtlige eksamener <\/li>\n\n\n\n<li>\u00d8konomi <\/li>\n\n\n\n<li>Dette princip tilskynder en overvejelse over universitetet som traditionel og stabil uddannelsesinstitution. <\/li>\n<\/ul>\n<\/li>\n<\/ul>\n\n\n\n<ul class=\"wp-block-list\">\n<li>Vores dom\u00e6ne er bundet op p\u00e5 en antagelse om, at studerende og undervisere opfatter GAI som snyd, hvorfor mistanke ogs\u00e5 er en naturlig del af universitetspraksis &#8211; som det jo egentligt altid har v\u00e6ret. \n<ul class=\"wp-block-list\">\n<li>Antagelser: GAI har gjort det &#8220;nemmere&#8221; at snyde. <\/li>\n\n\n\n<li>Undring: Hvor peger pilen hen? &#8211; Underviserne? Den studerende selv? <\/li>\n\n\n\n<li>Vores empiriske unders\u00f8gelser peger p\u00e5 at elever p\u00e5 DPU f\u00f8ler sig mist\u00e6nkeliggjort og til tider udskammet &#8211; i s\u00e6rdeleshed, n\u00e5r de <em>v\u00e6lger<\/em> at deklerere brug af GAI. \n<ul class=\"wp-block-list\">\n<li>Designprincippet her er alts\u00e5 en opm\u00e6rksomhed og et opbrud med begreber som mist\u00e6nkeligg\u00f8relse, udskamning og snyd.  <\/li>\n<\/ul>\n<\/li>\n<\/ul>\n<\/li>\n<\/ul>\n\n\n\n<figure class=\"wp-block-image size-large\"><img loading=\"lazy\" decoding=\"async\" width=\"1024\" height=\"683\" src=\"https:\/\/itdd.au.dk\/edb-kursisterne\/wp-content\/uploads\/sites\/51\/2026\/04\/diamond-3-1024x683.png\" alt=\"\" class=\"wp-image-71\" srcset=\"https:\/\/itdd.au.dk\/edb-kursisterne\/wp-content\/uploads\/sites\/51\/2026\/04\/diamond-3-1024x683.png 1024w, https:\/\/itdd.au.dk\/edb-kursisterne\/wp-content\/uploads\/sites\/51\/2026\/04\/diamond-3-300x200.png 300w, https:\/\/itdd.au.dk\/edb-kursisterne\/wp-content\/uploads\/sites\/51\/2026\/04\/diamond-3-768x512.png 768w, https:\/\/itdd.au.dk\/edb-kursisterne\/wp-content\/uploads\/sites\/51\/2026\/04\/diamond-3.png 1536w\" sizes=\"auto, (max-width: 1024px) 100vw, 1024px\" \/><\/figure>\n\n\n\n<p><\/p>\n\n\n\n<div class=\"wp-block-comments\"><h2 id=\"comments\" class=\"wp-block-comments-title\">6 svar til &#8220;Define&#8221;<\/h2>\n\n<ol class=\"wp-block-comment-template\"><li id=\"comment-2\" class=\"comment byuser comment-author-anha25 even thread-even depth-1\">\n\n<div class=\"wp-block-columns is-layout-flex wp-container-core-columns-is-layout-9d6595d7 wp-block-columns-is-layout-flex\">\n<div class=\"wp-block-column is-layout-flow wp-block-column-is-layout-flow\" style=\"flex-basis:40px\"><div class=\"wp-block-avatar\"><img alt='anha25 Avatar' src='https:\/\/secure.gravatar.com\/avatar\/8cf0cd78ce9e4b763c77717169d7b81f57a93b2ea51695277bac147a479bd44f?s=40&#038;d=mm&#038;r=g' srcset='https:\/\/secure.gravatar.com\/avatar\/8cf0cd78ce9e4b763c77717169d7b81f57a93b2ea51695277bac147a479bd44f?s=80&#038;d=mm&#038;r=g 2x' class='avatar avatar-40 photo wp-block-avatar__image' height='40' width='40'  style=\"border-radius:20px;\"\/><\/div><\/div>\n\n\n\n<div class=\"wp-block-column is-layout-flow wp-block-column-is-layout-flow\"><div class=\"wp-block-comment-author-name has-small-font-size\">anha25<\/div>\n\n\n<div class=\"wp-block-group is-layout-flex wp-block-group-is-layout-flex\" style=\"margin-top:0px;margin-bottom:0px\"><div class=\"wp-block-comment-date has-small-font-size\"><time datetime=\"2026-04-07T13:11:33+00:00\"><a href=\"https:\/\/itdd.au.dk\/edb-kursisterne\/define\/#comment-2\">april 7, 2026<\/a><\/time><\/div>\n\n<\/div>\n\n\n<div class=\"wp-block-comment-content\"><p>Vi kan godt blive lidt i tvivl om hvem &#8220;man&#8221; er, i jeres designudfordring &#8211; er det universitet eller AI-specialister eller?<\/p>\n<p>Det kunne v\u00e6re sp\u00e6ndende at se jeres resultater fra jeres unders\u00f8gelse &#8211; alts\u00e5, hvad der ligger til grund forud (kvant, interviews mm.)<\/p>\n<p>Vi kom ogs\u00e5 til at t\u00e6nke p\u00e5 om i er blevet &#8220;farvet&#8221;\/inspireret af de retningslinjer fra UN og m\u00e5ske have det for \u00f8je i de n\u00e6ste par trin s\u00e5 i ikke misser nogle muligheder<\/p>\n<p>Ellers sp\u00e6ndende og meget relevant emne at dykke ned i! \ud83d\ude42<\/p>\n<\/div>\n\n<div class=\"wp-block-comment-reply-link has-small-font-size\"><a rel=\"nofollow\" class=\"comment-reply-login\" href=\"https:\/\/itdd.au.dk\/edb-kursisterne\/wp-login.php?redirect_to=https%3A%2F%2Fitdd.au.dk%2Fedb-kursisterne%2Fdefine%2F\">Log ind for at svare<\/a><\/div><\/div>\n<\/div>\n\n<\/li><li id=\"comment-3\" class=\"comment byuser comment-author-brba25 odd alt thread-odd thread-alt depth-1\">\n\n<div class=\"wp-block-columns is-layout-flex wp-container-core-columns-is-layout-9d6595d7 wp-block-columns-is-layout-flex\">\n<div class=\"wp-block-column is-layout-flow wp-block-column-is-layout-flow\" style=\"flex-basis:40px\"><div class=\"wp-block-avatar\"><img alt='brba25 Avatar' src='https:\/\/secure.gravatar.com\/avatar\/4a58adfea96449427279d34c2d170a778d5f282a0933d9bb20c883831794dd80?s=40&#038;d=mm&#038;r=g' srcset='https:\/\/secure.gravatar.com\/avatar\/4a58adfea96449427279d34c2d170a778d5f282a0933d9bb20c883831794dd80?s=80&#038;d=mm&#038;r=g 2x' class='avatar avatar-40 photo wp-block-avatar__image' height='40' width='40'  style=\"border-radius:20px;\"\/><\/div><\/div>\n\n\n\n<div class=\"wp-block-column is-layout-flow wp-block-column-is-layout-flow\"><div class=\"wp-block-comment-author-name has-small-font-size\">brba25<\/div>\n\n\n<div class=\"wp-block-group is-layout-flex wp-block-group-is-layout-flex\" style=\"margin-top:0px;margin-bottom:0px\"><div class=\"wp-block-comment-date has-small-font-size\"><time datetime=\"2026-04-07T14:55:00+00:00\"><a href=\"https:\/\/itdd.au.dk\/edb-kursisterne\/define\/#comment-3\">april 7, 2026<\/a><\/time><\/div>\n\n<\/div>\n\n\n<div class=\"wp-block-comment-content\"><p>St\u00e6rkt felt!<br \/>\nI har to vigtige interessenter med i jeres forskningssp\u00f8rgsm\u00e5l, men som l\u00e6ser vil bliver jeg nysgerrig. Er underviserne en personificering af uddannelsesinstitutionen? Har de som praktikere perspektiver, som afviger fra institutionelle retningslinjer?<\/p>\n<\/div>\n\n<div class=\"wp-block-comment-reply-link has-small-font-size\"><a rel=\"nofollow\" class=\"comment-reply-login\" href=\"https:\/\/itdd.au.dk\/edb-kursisterne\/wp-login.php?redirect_to=https%3A%2F%2Fitdd.au.dk%2Fedb-kursisterne%2Fdefine%2F\">Log ind for at svare<\/a><\/div><\/div>\n<\/div>\n\n<\/li><li id=\"comment-4\" class=\"comment byuser comment-author-kato25 even thread-even depth-1\">\n\n<div class=\"wp-block-columns is-layout-flex wp-container-core-columns-is-layout-9d6595d7 wp-block-columns-is-layout-flex\">\n<div class=\"wp-block-column is-layout-flow wp-block-column-is-layout-flow\" style=\"flex-basis:40px\"><div class=\"wp-block-avatar\"><img alt='kato25 Avatar' src='https:\/\/secure.gravatar.com\/avatar\/717e8fd5b5cdd6e80f3d722b981fbee3bc5b6c7f3d1a2bb2dc2742b985f7a558?s=40&#038;d=mm&#038;r=g' srcset='https:\/\/secure.gravatar.com\/avatar\/717e8fd5b5cdd6e80f3d722b981fbee3bc5b6c7f3d1a2bb2dc2742b985f7a558?s=80&#038;d=mm&#038;r=g 2x' class='avatar avatar-40 photo wp-block-avatar__image' height='40' width='40'  style=\"border-radius:20px;\"\/><\/div><\/div>\n\n\n\n<div class=\"wp-block-column is-layout-flow wp-block-column-is-layout-flow\"><div class=\"wp-block-comment-author-name has-small-font-size\">kato25<\/div>\n\n\n<div class=\"wp-block-group is-layout-flex wp-block-group-is-layout-flex\" style=\"margin-top:0px;margin-bottom:0px\"><div class=\"wp-block-comment-date has-small-font-size\"><time datetime=\"2026-04-07T16:18:33+00:00\"><a href=\"https:\/\/itdd.au.dk\/edb-kursisterne\/define\/#comment-4\">april 7, 2026<\/a><\/time><\/div>\n\n<\/div>\n\n\n<div class=\"wp-block-comment-content\"><p>Jeg synes, det er et virkelig relevant projekt, og jeg kan godt lide, at I pr\u00f8ver at holde fast i kompleksiteten i AI-brug.<\/p>\n<p>Jeg m\u00e5 dog ogs\u00e5 sige, at jeg havde sv\u00e6rt ved helt at forst\u00e5 sammenh\u00e6ngen ud fra jeres WordPress-side alene. Jeg var n\u00f8dt til at kigge i jeres aflevering for bedre at kunne se, hvilke unders\u00f8gelser I har lavet, og hvordan jeres designprincipper h\u00e6nger sammen med dem.<\/p>\n<p>For mig ville det styrke siden, hvis noget mere af den r\u00f8de tr\u00e5d ogs\u00e5 stod tydeligt p\u00e5 WP.<\/p>\n<p>Sp\u00e6ndende projekt.<\/p>\n<\/div>\n\n<div class=\"wp-block-comment-reply-link has-small-font-size\"><a rel=\"nofollow\" class=\"comment-reply-login\" href=\"https:\/\/itdd.au.dk\/edb-kursisterne\/wp-login.php?redirect_to=https%3A%2F%2Fitdd.au.dk%2Fedb-kursisterne%2Fdefine%2F\">Log ind for at svare<\/a><\/div><\/div>\n<\/div>\n\n<\/li><li id=\"comment-5\" class=\"comment byuser comment-author-jose25 odd alt thread-odd thread-alt depth-1\">\n\n<div class=\"wp-block-columns is-layout-flex wp-container-core-columns-is-layout-9d6595d7 wp-block-columns-is-layout-flex\">\n<div class=\"wp-block-column is-layout-flow wp-block-column-is-layout-flow\" style=\"flex-basis:40px\"><div class=\"wp-block-avatar\"><img alt='jose25 Avatar' src='https:\/\/secure.gravatar.com\/avatar\/a3ce84459dccd996158c2307f400a93b8d4b118b07b563238c54da314b0ea40a?s=40&#038;d=mm&#038;r=g' srcset='https:\/\/secure.gravatar.com\/avatar\/a3ce84459dccd996158c2307f400a93b8d4b118b07b563238c54da314b0ea40a?s=80&#038;d=mm&#038;r=g 2x' class='avatar avatar-40 photo wp-block-avatar__image' height='40' width='40'  style=\"border-radius:20px;\"\/><\/div><\/div>\n\n\n\n<div class=\"wp-block-column is-layout-flow wp-block-column-is-layout-flow\"><div class=\"wp-block-comment-author-name has-small-font-size\">jose25<\/div>\n\n\n<div class=\"wp-block-group is-layout-flex wp-block-group-is-layout-flex\" style=\"margin-top:0px;margin-bottom:0px\"><div class=\"wp-block-comment-date has-small-font-size\"><time datetime=\"2026-04-08T08:37:55+00:00\"><a href=\"https:\/\/itdd.au.dk\/edb-kursisterne\/define\/#comment-5\">april 8, 2026<\/a><\/time><\/div>\n\n<\/div>\n\n\n<div class=\"wp-block-comment-content\"><p>Sp\u00e6ndende og aktuelt dom\u00e6nevalg, der tager fat i den meget aktuelle debat omkring brugen af AI, bl.a. p\u00e5 AU. <\/p>\n<p>Jeg kunne m\u00e5ske godt bruge en udfoldning af jeres designprincipper, for helt konkret at forst\u00e5 hvad de enkelte punkter dels d\u00e6kker over, men samtidig ogs\u00e5 for at forst\u00e5 dem ind i den kontekst, I arbejder med. <\/p>\n<p>M\u00e5ske Miro eller lignende kunne bruges til at visualisere jeres proces, i jeres vej gennem de enkelte designfaser.<\/p>\n<\/div>\n\n<div class=\"wp-block-comment-reply-link has-small-font-size\"><a rel=\"nofollow\" class=\"comment-reply-login\" href=\"https:\/\/itdd.au.dk\/edb-kursisterne\/wp-login.php?redirect_to=https%3A%2F%2Fitdd.au.dk%2Fedb-kursisterne%2Fdefine%2F\">Log ind for at svare<\/a><\/div><\/div>\n<\/div>\n\n<\/li><li id=\"comment-6\" class=\"comment byuser comment-author-ruka25 even thread-even depth-1\">\n\n<div class=\"wp-block-columns is-layout-flex wp-container-core-columns-is-layout-9d6595d7 wp-block-columns-is-layout-flex\">\n<div class=\"wp-block-column is-layout-flow wp-block-column-is-layout-flow\" style=\"flex-basis:40px\"><div class=\"wp-block-avatar\"><img alt='ruka25 Avatar' src='https:\/\/secure.gravatar.com\/avatar\/309ad21008a58aad3ceb26230134567935d963f62e47c6b5083bd3386063cdb6?s=40&#038;d=mm&#038;r=g' srcset='https:\/\/secure.gravatar.com\/avatar\/309ad21008a58aad3ceb26230134567935d963f62e47c6b5083bd3386063cdb6?s=80&#038;d=mm&#038;r=g 2x' class='avatar avatar-40 photo wp-block-avatar__image' height='40' width='40'  style=\"border-radius:20px;\"\/><\/div><\/div>\n\n\n\n<div class=\"wp-block-column is-layout-flow wp-block-column-is-layout-flow\"><div class=\"wp-block-comment-author-name has-small-font-size\">ruka25<\/div>\n\n\n<div class=\"wp-block-group is-layout-flex wp-block-group-is-layout-flex\" style=\"margin-top:0px;margin-bottom:0px\"><div class=\"wp-block-comment-date has-small-font-size\"><time datetime=\"2026-04-08T09:49:28+00:00\"><a href=\"https:\/\/itdd.au.dk\/edb-kursisterne\/define\/#comment-6\">april 8, 2026<\/a><\/time><\/div>\n\n<\/div>\n\n\n<div class=\"wp-block-comment-content\"><p>Jeg er enig med mine medkommentatorer at det er et sp\u00e6ndende felt! Det er ogs\u00e5 stort og kompleks. Der er mange akt\u00f8rer, der er lovgivning og anvisninger mm. Jeg har ikke set jeres Miro arbejde, men lige i jeres tilf\u00e6lde tror jeg visualisering af akt\u00f8rer og deres forskellige holdninger kan v\u00e6re interessant at se.  Jeg havde selv stor gavn af det sp\u00f8rgsm\u00e5l Klaus Thestrup anbefalede os at stille i vores vejledning: &#8220;Hvad er det jeg ikke ved?&#8221; &#8211; m\u00e5ske et sp\u00f8rgsm\u00e5l I kan stille ogs\u00e5?<\/p>\n<\/div>\n\n<div class=\"wp-block-comment-reply-link has-small-font-size\"><a rel=\"nofollow\" class=\"comment-reply-login\" href=\"https:\/\/itdd.au.dk\/edb-kursisterne\/wp-login.php?redirect_to=https%3A%2F%2Fitdd.au.dk%2Fedb-kursisterne%2Fdefine%2F\">Log ind for at svare<\/a><\/div><\/div>\n<\/div>\n\n<\/li><li id=\"comment-7\" class=\"comment byuser comment-author-klaust odd alt thread-odd thread-alt depth-1\">\n\n<div class=\"wp-block-columns is-layout-flex wp-container-core-columns-is-layout-9d6595d7 wp-block-columns-is-layout-flex\">\n<div class=\"wp-block-column is-layout-flow wp-block-column-is-layout-flow\" style=\"flex-basis:40px\"><div class=\"wp-block-avatar\"><img alt='klaust Avatar' src='https:\/\/secure.gravatar.com\/avatar\/16f7bad764ec3b0ca651d1506f5616f6ddb921c572403bc55849e9d660f7440e?s=40&#038;d=mm&#038;r=g' srcset='https:\/\/secure.gravatar.com\/avatar\/16f7bad764ec3b0ca651d1506f5616f6ddb921c572403bc55849e9d660f7440e?s=80&#038;d=mm&#038;r=g 2x' class='avatar avatar-40 photo wp-block-avatar__image' height='40' width='40'  style=\"border-radius:20px;\"\/><\/div><\/div>\n\n\n\n<div class=\"wp-block-column is-layout-flow wp-block-column-is-layout-flow\"><div class=\"wp-block-comment-author-name has-small-font-size\">klaust<\/div>\n\n\n<div class=\"wp-block-group is-layout-flex wp-block-group-is-layout-flex\" style=\"margin-top:0px;margin-bottom:0px\"><div class=\"wp-block-comment-date has-small-font-size\"><time datetime=\"2026-04-08T10:09:09+00:00\"><a href=\"https:\/\/itdd.au.dk\/edb-kursisterne\/define\/#comment-7\">april 8, 2026<\/a><\/time><\/div>\n\n<\/div>\n\n\n<div class=\"wp-block-comment-content\"><p>Vildt  og sp\u00e6ndende surfride I er p\u00e5. Kompleksiteten st\u00e5r og \u00e5nder jer i nakken. Det er b\u00e5de AU som stopklods, forandringer af universitetspraksis, n\u00e5r det g\u00e6lder undervisning og holdninger til AI. Holdninger, som ikke n\u00f8dvendigvis er pr\u00e6get af viden. Bare det at snakke klima er et interessant eksempel. Hvem ved egentlig noget om, hvad klimaftrykket best\u00e5r i?<\/p>\n<p>Jeres visuelle model med DD er interessant. Den viser en ret bred forst\u00e5else af AI. AI i robotter,  AI p\u00e5 sk\u00e6rm, AI i VR, AI som hologram&#8230; S\u00e5dan kan den godt tolkes i forhold til at det er AI, som er jeres omdrejningspunkt. Eller ogs\u00e5 er det alle mulige teknologier i et samspil? Jeg savner den aktive handlende krop i rum &#8211; m\u00e5ske bortset fra i VR. For mig peger modellen langt l\u00e6ngere end de aktuelle diskussioner omkring snyd, hellighed og balancer. <\/p>\n<p>For mig er tanken, hvad der egentlig peger fremad og hvad der peger ind i en eksisterede mere fastfrossen diskussion?<\/p>\n<\/div>\n\n<div class=\"wp-block-comment-reply-link has-small-font-size\"><a rel=\"nofollow\" class=\"comment-reply-login\" href=\"https:\/\/itdd.au.dk\/edb-kursisterne\/wp-login.php?redirect_to=https%3A%2F%2Fitdd.au.dk%2Fedb-kursisterne%2Fdefine%2F\">Log ind for at svare<\/a><\/div><\/div>\n<\/div>\n\n<\/li><\/ol>\n\n\n\n\t<div id=\"respond\" class=\"comment-respond wp-block-post-comments-form\">\n\t\t<h3 id=\"reply-title\" class=\"comment-reply-title\">Skriv et svar <small><a rel=\"nofollow\" id=\"cancel-comment-reply-link\" href=\"\/edb-kursisterne\/wp-json\/wp\/v2\/pages\/38#respond\" style=\"display:none;\">Annuller svar<\/a><\/small><\/h3><p class=\"must-log-in\">Du skal v\u00e6re <a href=\"https:\/\/itdd.au.dk\/edb-kursisterne\/wp-login.php?redirect_to=https%3A%2F%2Fitdd.au.dk%2Fedb-kursisterne%2Fdefine%2F\">logget ind<\/a> for at skrive en kommentar.<\/p>\t<\/div><!-- #respond -->\n\t<\/div>\n","protected":false},"excerpt":{"rendered":"<p>Vi tager afs\u00e6t i et konkret dom\u00e6ne: de fagdidaktiske kandidatuddannelser p\u00e5 DPU. Her har vi observeret, at der er et voksende behov for at forholde sig til, hvordan generativ AI faktisk indg\u00e5r i studiepraksis men at der endnu ikke er nogen f\u00e6lles forst\u00e5else af, hvad det vil sige at bruge det &#8220;godt&#8221;. Vores designudfordring kan [&hellip;]<\/p>\n","protected":false},"author":82,"featured_media":0,"parent":0,"menu_order":0,"comment_status":"open","ping_status":"closed","template":"","meta":{"footnotes":""},"class_list":["post-38","page","type-page","status-publish","hentry","entry"],"_links":{"self":[{"href":"https:\/\/itdd.au.dk\/edb-kursisterne\/wp-json\/wp\/v2\/pages\/38","targetHints":{"allow":["GET"]}}],"collection":[{"href":"https:\/\/itdd.au.dk\/edb-kursisterne\/wp-json\/wp\/v2\/pages"}],"about":[{"href":"https:\/\/itdd.au.dk\/edb-kursisterne\/wp-json\/wp\/v2\/types\/page"}],"author":[{"embeddable":true,"href":"https:\/\/itdd.au.dk\/edb-kursisterne\/wp-json\/wp\/v2\/users\/82"}],"replies":[{"embeddable":true,"href":"https:\/\/itdd.au.dk\/edb-kursisterne\/wp-json\/wp\/v2\/comments?post=38"}],"version-history":[{"count":10,"href":"https:\/\/itdd.au.dk\/edb-kursisterne\/wp-json\/wp\/v2\/pages\/38\/revisions"}],"predecessor-version":[{"id":72,"href":"https:\/\/itdd.au.dk\/edb-kursisterne\/wp-json\/wp\/v2\/pages\/38\/revisions\/72"}],"wp:attachment":[{"href":"https:\/\/itdd.au.dk\/edb-kursisterne\/wp-json\/wp\/v2\/media?parent=38"}],"curies":[{"name":"wp","href":"https:\/\/api.w.org\/{rel}","templated":true}]}}