{"id":153,"date":"2024-11-26T07:52:57","date_gmt":"2024-11-26T07:52:57","guid":{"rendered":"https:\/\/itdd.au.dk\/dt25\/?page_id=153"},"modified":"2025-11-25T07:33:01","modified_gmt":"2025-11-25T07:33:01","slug":"annotering-4","status":"publish","type":"page","link":"https:\/\/itdd.au.dk\/dt25\/annotering-4\/","title":{"rendered":"Annotering 4"},"content":{"rendered":"\n<hr class=\"wp-block-separator has-alpha-channel-opacity\"\/>\n\n\n\n<p class=\"has-white-color has-vivid-red-background-color has-text-color has-background has-link-color wp-elements-1c5073b519b473779e414cb5a556ea9f\">Bem\u00e6rk at der er rimeligt meget l\u00e6sestof og ting at forholde sig til i forbindelse med session 4, s\u00e5 fors\u00f8g at komme igang i god tid! <strong>Link til tekster er som altid at finde [ <a href=\"https:\/\/aarhusuniversitet.sharepoint.com\/:w:\/r\/sites\/ARTSITDD_UDDANNELSE-ITDD_2025\/Delte%20dokumenter\/ITDD_2025\/Digitale%20Teknologier\/Annotering\/Tanker%20vedr.%20annotering%202025.docx?d=wbcc7ead9eaaa44f0896784522e28125a&amp;csf=1&amp;web=1&amp;e=pYL7h7\" data-type=\"link\" data-id=\"https:\/\/aarhusuniversitet.sharepoint.com\/:f:\/r\/sites\/ARTSITDD_UDDANNELSE-ITDD_2025\/Delte%20dokumenter\/ITDD_2025\/Digitale%20Teknologier\/Annotering?csf=1&amp;web=1&amp;e=npjudQ\" target=\"_blank\" rel=\"noreferrer noopener nofollow\">her <\/a>] <\/strong>og p\u00e5 ITDD2025 OneDrive.<\/p>\n\n\n\n<h1 class=\"wp-block-heading\"><strong>Opgave 0.1<\/strong><br><strong>&#8211; Individuel&nbsp;<\/strong>opgave<\/h1>\n\n\n\n<p class=\"has-light-green-cyan-background-color has-background\"><strong>L\u00e6s observationer og refleksioner over annoteringsforl\u00f8bet <\/strong>[\u00a0<a href=\"https:\/\/aarhusuniversitet.sharepoint.com\/:w:\/r\/sites\/ARTSITDD_UDDANNELSE-ITDD_2025\/Delte%20dokumenter\/ITDD_2025\/Digitale%20Teknologier\/Annotering\/Tanker%20vedr.%20annotering%202025.docx?d=wbcc7ead9eaaa44f0896784522e28125a&amp;csf=1&amp;web=1&amp;e=vJr6sO\" data-type=\"link\" data-id=\"https:\/\/aarhusuniversitet.sharepoint.com\/:w:\/r\/sites\/ARTSITDD_UDDANNELSE-ITDD_2025\/Delte%20dokumenter\/ITDD_2025\/Digitale%20Teknologier\/Annotering\/Tanker%20vedr.%20annotering%202025.docx?d=wbcc7ead9eaaa44f0896784522e28125a&amp;csf=1&amp;web=1&amp;e=vJr6sO\" target=\"_blank\" rel=\"noreferrer noopener nofollow\">LINK<\/a>\u00a0],\u00a0<strong>skriv en eller flere kommentarer som noter direkte i\u00a0dokumentet!<\/strong>\u00a0Noterne m\u00e5 g\u00e5 p\u00e5 alt som har noget med annotering at g\u00f8re, b\u00e5de det som er n\u00e6vt i refleksionspapiret og det som ikke er n\u00e6vnt og b\u00e5de i forhold til det specifikke annoteringsforl\u00f8b p\u00e5 ITDD og annotering generelt, ideer og forslag til forbedriner er meget velkomne!<\/p>\n\n\n\n<h1 class=\"wp-block-heading\"><strong>Annoteringsopgave 1 <\/strong>&#8211; Gruppeopgave<br><strong>&#8211; inden tirsdag d. 2 december  (men meget gerne tidligere)<\/strong><\/h1>\n\n\n\n<p class=\"has-pale-pink-background-color has-background\"><strong>Hver studiegruppe har ansvaret for at lave et &#8220;take home&#8221;\u00a0<\/strong>med de vigtigste pointer som gruppen mener man kan tage med fra teksten (Take-home skal laves som et<strong>\u00a0Page Note\u00a0<\/strong>og i\u00a0<strong>skal bruge tag \u201dGruppenavn\u201d,<\/strong>\u00a0take home skal max v\u00e6re 4-600 anslag) <br><br><strong>Der er 4 &#8220;pakker&#8221; en til hver hver studiegruppe, bem\u00e6rk at nogle af teksterne er gengangere fra session 3, men at fokus nu er p\u00e5 digitale kompetencer.<\/strong><\/p>\n\n\n\n<p>[ direkte link til annoteringsteksterne ligger i <a href=\"https:\/\/aarhusuniversitet.sharepoint.com\/:f:\/r\/sites\/ARTSITDD_UDDANNELSE-ITDD_2025\/Delte%20dokumenter\/ITDD_2025\/Digitale%20Teknologier\/Annotering?csf=1&amp;web=1&amp;e=npjudQ\" data-type=\"link\" data-id=\"https:\/\/aarhusuniversitet.sharepoint.com\/:f:\/r\/sites\/ARTSITDD_UDDANNELSE-ITDD_2025\/Delte%20dokumenter\/ITDD_2025\/Digitale%20Teknologier\/Annotering?csf=1&amp;web=1&amp;e=npjudQ\" target=\"_blank\" rel=\"noreferrer noopener nofollow\">OneDrive<\/a> ]<\/p>\n\n\n\n<h2 class=\"wp-block-heading\"><strong>Grupper (Bem\u00e6rk 2-3 tekster pr. gruppe): <\/strong><\/h2>\n\n\n\n<p><strong><mark style=\"background-color:#00d084\" class=\"has-inline-color\">CAJA.ITDD<\/mark><\/strong>\u00a0\u00a0 <strong><em>:<\/em><\/strong> <strong>Scardamalia, M. (2002).\u00a0Collective cognitive responsibility for the advancement of knowledge.<\/strong> I\u00a0I. B. Smith (Red.),\u00a0Liberal education in the knowledge society\u00a0(s. 67\u201398).\u00a0Open Court. + afsnit <strong>\u201dNyt under solen\u201d + \u201dEn verden af amat\u00f8rgrafiker\u201d<\/strong> i\u202f\u202f\u00a0Bundsgaard, Jeppe (2017).<\/p>\n\n\n\n<p><strong><mark style=\"background-color:#fcb900\" class=\"has-inline-color\">CTRL+ALT+KAFFE<\/mark><\/strong>\u00a0 S\u00e4lj\u00f6, R. (2012).\u00a0<strong>Literacy, Digital Literacy and Epistemic Practices: The Co-Evolution of Hybrid Minds and External Memory Systems.<\/strong>\u00a0Nordic Journal of Digital Literacy,\u00a07(1), 5\u201319.\u00a0https:\/\/doi.org\/10.18261\/ISSN1891-943X-2012-01-02\u00a0\u202f+  afsnit <strong>\u201dMan skal kunne l\u00e6se\u201d<\/strong> i\u202f\u202f\u00a0Bundsgaard, Jeppe (2017).<\/p>\n\n\n\n<p><strong><mark style=\"background-color:#f78da7\" class=\"has-inline-color\">4\u00d84 &#8211; blog not found<\/mark><\/strong> <strong><em>:<\/em><\/strong>\u00a0\u00a0\u00a0<strong>Kapitel 7 <\/strong>om<strong> \u201dL\u00e6reres praksis med it i undervisningen\u201d<\/strong> i ICILS-rapporten\u202fJeppe Bundsgaard, Sofie Gry Bindslev,Elisa Nadire Caeli, Elisabeth Gr\u00f8nh\u00f8jog Elisabeth Rasmussen. (2023).\u00a0<strong>Danske elevers teknologiforst\u00e5else og sk\u00e6rmbrug. Aarhus Universitetsforlag.<\/strong>\u00a0 + afsnit <strong>\u201dDet er skolens opgave\u201d<\/strong> i\u202f\u202f\u00a0Bundsgaard, Jeppe (2017).<\/p>\n\n\n\n<p><strong><mark style=\"background-color:#8ed1fc\" class=\"has-inline-color\">One Night in Bangkok<\/mark>\u00a0<em>:<\/em><\/strong> Caeli, E. N., &amp; Bundsgaard, J. (2018). <strong>Datalogisk t\u00e6nkning og teknologiforst\u00e5else i folkeskolen tur-retur.\u00a0<\/strong>Tidsskriftet L\u00e6ring og Medier (LOM),\u00a011(19), Art. 19.\u00a0https:\/\/doi.org\/10.7146\/lom.v11i19.110919 + <a href=\"https:\/\/emu.dk\/stx\/paedagogik-og-didaktik\/digitale-faellesskaber\/samskrivning-som-vej-til-kollaborativ?b=t6-t385-t5379\" target=\"_blank\" rel=\"noreferrer noopener\"><strong>Samskrivning som vej til kollaborativ vidensopbygning<\/strong><\/a>\u00a0(FC&amp;CD)\u202f\u00a0<strong>bem\u00e6rk teksten annoteres online<\/strong>, bare f\u00f8lg linket og \u00e5ben hypothesis som I plejer, hvis i bruger Ipad eller lign s\u00e5 brug linket [<a href=\"https:\/\/via.hypothes.is\/https:\/\/emu.dk\/stx\/paedagogik-og-didaktik\/digitale-faellesskaber\/samskrivning-som-vej-til-kollaborativ\" data-type=\"link\" data-id=\"https:\/\/via.hypothes.is\/https:\/\/emu.dk\/stx\/paedagogik-og-didaktik\/digitale-faellesskaber\/samskrivning-som-vej-til-kollaborativ\" target=\"_blank\" rel=\"noreferrer noopener\">her<\/a>] <br><\/p>\n\n\n\n<h1 class=\"wp-block-heading\"><strong>Annoteringsopgave 2 <\/strong>&#8211; Individuel<br>&#8211; Deadline frem til 1 og 2 december<\/h1>\n\n\n\n<p class=\"has-light-green-cyan-background-color has-background\">Teksterne til session 4 er igen ikke en &#8220;one size fits all&#8221; og <strong>det vil derfor v\u00e6re individuelt hvilken\/hvilke tekster man v\u00e6lger at annotere i <\/strong>og det er o<strong>gs\u00e5 tilladt at annotere i andre tekster end de nedenst\u00e5ende<\/strong>.<br><br><strong>I har som altid mulighed for at annotere i teksterne over flere dage<\/strong>, hvert loop har en deadline hvor annoteringerne skal v\u00e6re lavet inden.<\/p>\n\n\n\n<h2 class=\"wp-block-heading\"><strong>Loop 1: Inden mandag<\/strong> d. 1 december 12.00<\/h2>\n\n\n\n<p>Start med at&nbsp;<strong>annotere i den samme tekst som I laver &#8220;take-home&#8221; til<\/strong>:&nbsp;&nbsp;<strong>M\u00e5let er at stille undrende sp\u00f8rgsm\u00e5l til teksten og at&nbsp;<\/strong>annotere efter pointer, citater og ideer der potentielt kan bruges i jeres opgaveskrivning videre p\u00e5 studiet.<\/p>\n\n\n\n<h2 class=\"wp-block-heading\"><strong>Loop 2:<\/strong>&nbsp; Inden mandag d. 1 december kl 18.00<\/h2>\n\n\n\n<p><strong>Bes\u00f8g minimum 2 andre tekster<\/strong>&nbsp;og svar p\u00e5 andres sp\u00f8rgsm\u00e5l\/ eller stil nye sp\u00f8rgsm\u00e5l til teksten og find flere&nbsp;pointer, citater og ideer som I vurderer, potentielt kan bruges i jeres opgaveskrivning videre p\u00e5 studiet. min 2-3 annoteringer pr. tekst.<\/p>\n\n\n\n<h2 class=\"wp-block-heading\"><strong>Loop 3:<\/strong> Indtil tirsdag d. 2 december kl 12.00<\/h2>\n\n\n\n<p><strong>N\u00e5r man har lavet f\u00f8rste og andet Loop m\u00e5 der frit annoteres i alle tekster:<\/strong><\/p>\n\n\n\n<h2 class=\"wp-block-heading\"><strong>Loop 4+ (frivillig ekstraopgave)<\/strong><\/h2>\n\n\n\n<p>Genbes\u00f8g annoteringerne<strong> i alle de tekster der er blevet arbejdet med i forbindelse med DT<\/strong> og se efter om der er annoteringer der har brug for at blive opdateret med tags, pr\u00e6ciseringer eller om der er nogle pointer som mangler at bliver annoteret.<\/p>\n\n\n\n<h2 class=\"wp-block-heading\"><strong>M\u00e5let med opgaven er som altid:<\/strong><\/h2>\n\n\n\n<ul class=\"wp-block-list has-light-green-cyan-background-color has-background\">\n<li>At annotere for at&nbsp; genbruge det l\u00e6ste i opgaveskrivning p\u00e5 ITDD<\/li>\n\n\n\n<li>At f\u00e5 l\u00e6st og diskuteret teksterne<\/li>\n\n\n\n<li>At annotere i flere tekster<\/li>\n\n\n\n<li>At interagere med teksterne og hinanden gennem at stille og svare p\u00e5 sp\u00f8rgsm\u00e5l<\/li>\n\n\n\n<li>At f\u00e5 tilf\u00f8jet &#8220;tags&#8221; til at kategorisere annoteringer<\/li>\n<\/ul>\n\n\n\n<h2 class=\"wp-block-heading\"><strong>Note:<\/strong><\/h2>\n\n\n\n<ul class=\"wp-block-list has-pale-cyan-blue-background-color has-background\">\n<li><strong>Ideelt set bes\u00f8ger og genbes\u00f8ger man teksterne flere gange l\u00f8bende i annoteringsperioden<\/strong><\/li>\n\n\n\n<li><strong>Man m\u00e5 naturligvis meget gerne bes\u00f8ge og annotere i flere tekster<\/strong><\/li>\n\n\n\n<li><strong>Man m\u00e5 gerne fors\u00f8ge at prioritere at lave den f\u00f8rste kommentar s\u00e5 tidligt i processen som man kan s\u00e5 andre har mulighed for at kommenterer p\u00e5 den, (fx inden fredag aften)<\/strong><\/li>\n\n\n\n<li><strong>N\u00e5r man kommenterer brug relevante &#8220;#tags&#8221; fra kodebogen.<\/strong><\/li>\n\n\n\n<li><strong>Brug gerne annoteringerne til at linke til anden relevant viden, tekster, videoer som kunne v\u00e6re relevante for andre at stifte bekendskab med&nbsp;<\/strong><\/li>\n<\/ul>\n\n\n\n<p><\/p>\n","protected":false},"excerpt":{"rendered":"<p>Bem\u00e6rk at der er rimeligt meget l\u00e6sestof og ting at forholde sig til i forbindelse med session 4, s\u00e5 fors\u00f8g at komme igang i god tid! Link til tekster er som altid at finde [ her ] og p\u00e5 ITDD2025 OneDrive. Opgave 0.1&#8211; Individuel&nbsp;opgave L\u00e6s observationer og refleksioner over annoteringsforl\u00f8bet [\u00a0LINK\u00a0],\u00a0skriv en eller flere kommentarer [&hellip;]<\/p>\n","protected":false},"author":3,"featured_media":0,"parent":0,"menu_order":0,"comment_status":"closed","ping_status":"closed","template":"","meta":{"footnotes":""},"class_list":["post-153","page","type-page","status-publish","hentry","entry"],"_links":{"self":[{"href":"https:\/\/itdd.au.dk\/dt25\/wp-json\/wp\/v2\/pages\/153","targetHints":{"allow":["GET"]}}],"collection":[{"href":"https:\/\/itdd.au.dk\/dt25\/wp-json\/wp\/v2\/pages"}],"about":[{"href":"https:\/\/itdd.au.dk\/dt25\/wp-json\/wp\/v2\/types\/page"}],"author":[{"embeddable":true,"href":"https:\/\/itdd.au.dk\/dt25\/wp-json\/wp\/v2\/users\/3"}],"replies":[{"embeddable":true,"href":"https:\/\/itdd.au.dk\/dt25\/wp-json\/wp\/v2\/comments?post=153"}],"version-history":[{"count":17,"href":"https:\/\/itdd.au.dk\/dt25\/wp-json\/wp\/v2\/pages\/153\/revisions"}],"predecessor-version":[{"id":571,"href":"https:\/\/itdd.au.dk\/dt25\/wp-json\/wp\/v2\/pages\/153\/revisions\/571"}],"wp:attachment":[{"href":"https:\/\/itdd.au.dk\/dt25\/wp-json\/wp\/v2\/media?parent=153"}],"curies":[{"name":"wp","href":"https:\/\/api.w.org\/{rel}","templated":true}]}}